{"id":1459,"date":"2025-06-12T02:19:42","date_gmt":"2025-06-12T02:19:42","guid":{"rendered":"https:\/\/dev.futec-it.ch\/herzogforsttechnik\/evenements\/"},"modified":"2025-08-21T09:43:52","modified_gmt":"2025-08-21T09:43:52","slug":"evenements","status":"publish","type":"page","link":"https:\/\/herzog-forsttechnik.ch\/fr\/evenements\/","title":{"rendered":"\u00c9v\u00e9nements"},"content":{"rendered":"\t\t<div data-elementor-type=\"wp-post\" data-elementor-id=\"1459\" class=\"elementor elementor-1459 elementor-467\" data-elementor-post-type=\"page\">\n\t\t\t\t<div class=\"elementor-element elementor-element-d1bb48a e-flex e-con-boxed e-con e-parent\" data-id=\"d1bb48a\" data-element_type=\"container\" data-e-type=\"container\" data-settings=\"{&quot;background_background&quot;:&quot;slideshow&quot;,&quot;background_slideshow_gallery&quot;:[{&quot;id&quot;:1182,&quot;url&quot;:&quot;https:\\\/\\\/herzog-forsttechnik.ch\\\/wp-content\\\/uploads\\\/2025\\\/07\\\/herzog-1.jpg&quot;}],&quot;background_slideshow_ken_burns&quot;:&quot;yes&quot;,&quot;background_slideshow_loop&quot;:&quot;yes&quot;,&quot;background_slideshow_slide_duration&quot;:5000,&quot;background_slideshow_slide_transition&quot;:&quot;fade&quot;,&quot;background_slideshow_transition_duration&quot;:500,&quot;background_slideshow_ken_burns_zoom_direction&quot;:&quot;in&quot;}\">\n\t\t\t\t\t<div class=\"e-con-inner\">\n\t\t<div class=\"elementor-element elementor-element-54dabc5 e-con-full e-flex e-con e-child\" data-id=\"54dabc5\" data-element_type=\"container\" data-e-type=\"container\">\n\t\t\t\t<div class=\"elementor-element elementor-element-0a9cf89 elementor-headline--style-highlight elementor-widget elementor-widget-animated-headline\" data-id=\"0a9cf89\" data-element_type=\"widget\" data-e-type=\"widget\" data-settings=\"{&quot;marker&quot;:&quot;underline_zigzag&quot;,&quot;highlighted_text&quot;:&quot;\\u00c9v\\u00e9nements&quot;,&quot;headline_style&quot;:&quot;highlight&quot;,&quot;loop&quot;:&quot;yes&quot;,&quot;highlight_animation_duration&quot;:1200,&quot;highlight_iteration_delay&quot;:8000}\" data-widget_type=\"animated-headline.default\">\n\t\t\t\t<div class=\"elementor-widget-container\">\n\t\t\t\t\t\t\t<h3 class=\"elementor-headline\">\n\t\t\t\t<span class=\"elementor-headline-dynamic-wrapper elementor-headline-text-wrapper\">\n\t\t\t\t\t<span class=\"elementor-headline-dynamic-text elementor-headline-text-active\">\u00c9v\u00e9nements<\/span>\n\t\t\t\t<\/span>\n\t\t\t\t<\/h3>\n\t\t\t\t\t\t<\/div>\n\t\t\t\t<\/div>\n\t\t\t\t<div class=\"elementor-element elementor-element-31f6c17 elementor-widget-divider--view-line elementor-widget elementor-widget-divider\" data-id=\"31f6c17\" data-element_type=\"widget\" data-e-type=\"widget\" data-widget_type=\"divider.default\">\n\t\t\t\t<div class=\"elementor-widget-container\">\n\t\t\t\t\t\t\t<div class=\"elementor-divider\">\n\t\t\t<span class=\"elementor-divider-separator\">\n\t\t\t\t\t\t<\/span>\n\t\t<\/div>\n\t\t\t\t\t\t<\/div>\n\t\t\t\t<\/div>\n\t\t\t\t<div class=\"elementor-element elementor-element-d04203b elementor-widget__width-initial elementor-widget-mobile__width-auto elementor-widget elementor-widget-text-editor\" data-id=\"d04203b\" data-element_type=\"widget\" data-e-type=\"widget\" data-widget_type=\"text-editor.default\">\n\t\t\t\t<div class=\"elementor-widget-container\">\n\t\t\t\t\t\t\t\t\t<p>Vous trouverez ici tout ce qu\u2019il faut savoir sur les derniers \u00e9v\u00e9nements et manifestations de Herzog Forsttechnik.<\/p>\t\t\t\t\t\t\t\t<\/div>\n\t\t\t\t<\/div>\n\t\t<div class=\"elementor-element elementor-element-d54193b e-con-full e-flex e-con e-child\" data-id=\"d54193b\" data-element_type=\"container\" data-e-type=\"container\">\n\t\t\t\t<div class=\"elementor-element elementor-element-b7265cc elementor-widget elementor-widget-button\" data-id=\"b7265cc\" data-element_type=\"widget\" data-e-type=\"widget\" data-widget_type=\"button.default\">\n\t\t\t\t<div class=\"elementor-widget-container\">\n\t\t\t\t\t\t\t\t\t<div class=\"elementor-button-wrapper\">\n\t\t\t\t\t<a class=\"elementor-button elementor-button-link elementor-size-sm\" href=\"#veranstaltungen\">\n\t\t\t\t\t\t<span class=\"elementor-button-content-wrapper\">\n\t\t\t\t\t\t\t\t\t<span class=\"elementor-button-text\">\u00c9v\u00e9nements<\/span>\n\t\t\t\t\t<\/span>\n\t\t\t\t\t<\/a>\n\t\t\t\t<\/div>\n\t\t\t\t\t\t\t\t<\/div>\n\t\t\t\t<\/div>\n\t\t\t\t<div class=\"elementor-element elementor-element-7f45507 elementor-widget elementor-widget-button\" data-id=\"7f45507\" data-element_type=\"widget\" data-e-type=\"widget\" data-widget_type=\"button.default\">\n\t\t\t\t<div class=\"elementor-widget-container\">\n\t\t\t\t\t\t\t\t\t<div class=\"elementor-button-wrapper\">\n\t\t\t\t\t<a class=\"elementor-button elementor-button-link elementor-size-sm\" href=\"#messen\">\n\t\t\t\t\t\t<span class=\"elementor-button-content-wrapper\">\n\t\t\t\t\t\t\t\t\t<span class=\"elementor-button-text\">Mesures<\/span>\n\t\t\t\t\t<\/span>\n\t\t\t\t\t<\/a>\n\t\t\t\t<\/div>\n\t\t\t\t\t\t\t\t<\/div>\n\t\t\t\t<\/div>\n\t\t\t\t<\/div>\n\t\t\t\t<\/div>\n\t\t\t\t\t<\/div>\n\t\t\t\t<\/div>\n\t\t<div class=\"elementor-element elementor-element-b6c4d6a e-flex e-con-boxed e-con e-parent\" data-id=\"b6c4d6a\" data-element_type=\"container\" data-e-type=\"container\" id=\"veranstaltungen\">\n\t\t\t\t\t<div class=\"e-con-inner\">\n\t\t\t\t<div class=\"elementor-element elementor-element-2f9e4b2 elementor-headline--style-highlight elementor-widget elementor-widget-animated-headline\" data-id=\"2f9e4b2\" data-element_type=\"widget\" data-e-type=\"widget\" data-settings=\"{&quot;marker&quot;:&quot;underline_zigzag&quot;,&quot;highlighted_text&quot;:&quot;\\u00c9v\\u00e9nements&quot;,&quot;headline_style&quot;:&quot;highlight&quot;,&quot;loop&quot;:&quot;yes&quot;,&quot;highlight_animation_duration&quot;:1200,&quot;highlight_iteration_delay&quot;:8000}\" data-widget_type=\"animated-headline.default\">\n\t\t\t\t<div class=\"elementor-widget-container\">\n\t\t\t\t\t\t\t<h3 class=\"elementor-headline\">\n\t\t\t\t<span class=\"elementor-headline-dynamic-wrapper elementor-headline-text-wrapper\">\n\t\t\t\t\t<span class=\"elementor-headline-dynamic-text elementor-headline-text-active\">\u00c9v\u00e9nements<\/span>\n\t\t\t\t<\/span>\n\t\t\t\t<\/h3>\n\t\t\t\t\t\t<\/div>\n\t\t\t\t<\/div>\n\t\t\t\t\t<\/div>\n\t\t\t\t<\/div>\n\t\t<div class=\"elementor-element elementor-element-d4a8a21 e-flex e-con-boxed e-con e-parent\" data-id=\"d4a8a21\" data-element_type=\"container\" data-e-type=\"container\">\n\t\t\t\t\t<div class=\"e-con-inner\">\n\t\t\t\t<div class=\"elementor-element elementor-element-5f881ca elementor-grid-1 elementor-grid-tablet-2 elementor-grid-mobile-1 elementor-widget elementor-widget-loop-grid\" data-id=\"5f881ca\" data-element_type=\"widget\" data-e-type=\"widget\" data-settings=\"{&quot;template_id&quot;:1629,&quot;columns&quot;:1,&quot;_skin&quot;:&quot;post&quot;,&quot;columns_tablet&quot;:&quot;2&quot;,&quot;columns_mobile&quot;:&quot;1&quot;,&quot;edit_handle_selector&quot;:&quot;[data-elementor-type=\\&quot;loop-item\\&quot;]&quot;,&quot;row_gap&quot;:{&quot;unit&quot;:&quot;px&quot;,&quot;size&quot;:&quot;&quot;,&quot;sizes&quot;:[]},&quot;row_gap_tablet&quot;:{&quot;unit&quot;:&quot;px&quot;,&quot;size&quot;:&quot;&quot;,&quot;sizes&quot;:[]},&quot;row_gap_mobile&quot;:{&quot;unit&quot;:&quot;px&quot;,&quot;size&quot;:&quot;&quot;,&quot;sizes&quot;:[]}}\" data-widget_type=\"loop-grid.post\">\n\t\t\t\t<div class=\"elementor-widget-container\">\n\t\t\t\t\t\t\t<div class=\"elementor-loop-container elementor-grid\" role=\"list\">\n\t\t<style id=\"loop-1629\">.elementor-1629 .elementor-element.elementor-element-8fae4af{--display:flex;--flex-direction:row;--container-widget-width:initial;--container-widget-height:100%;--container-widget-flex-grow:1;--container-widget-align-self:stretch;--flex-wrap-mobile:wrap;--gap:0px 20px;--row-gap:0px;--column-gap:20px;}.elementor-1629 .elementor-element.elementor-element-6e6fc4f{--display:flex;--flex-direction:column;--container-widget-width:100%;--container-widget-height:initial;--container-widget-flex-grow:0;--container-widget-align-self:initial;--flex-wrap-mobile:wrap;}.elementor-1629 .elementor-element.elementor-element-c50866f .elementor-wrapper{--video-aspect-ratio:1.77777;}.elementor-widget-image .widget-image-caption{color:var( --e-global-color-text );font-family:var( --e-global-typography-text-font-family ), Sans-serif;font-weight:var( --e-global-typography-text-font-weight );}.elementor-1629 .elementor-element.elementor-element-09458bd{--display:flex;--flex-direction:column;--container-widget-width:100%;--container-widget-height:initial;--container-widget-flex-grow:0;--container-widget-align-self:initial;--flex-wrap-mobile:wrap;--justify-content:center;}.elementor-widget-theme-post-title .elementor-heading-title{font-family:var( --e-global-typography-primary-font-family ), Sans-serif;font-weight:var( --e-global-typography-primary-font-weight );color:var( --e-global-color-primary );}.elementor-1629 .elementor-element.elementor-element-47b8e0a .elementor-heading-title{font-family:var( --e-global-typography-97dd3cd-font-family ), Sans-serif;font-size:var( --e-global-typography-97dd3cd-font-size );font-weight:var( --e-global-typography-97dd3cd-font-weight );line-height:var( --e-global-typography-97dd3cd-line-height );letter-spacing:var( --e-global-typography-97dd3cd-letter-spacing );word-spacing:var( --e-global-typography-97dd3cd-word-spacing );color:var( --e-global-color-secondary );}.elementor-widget-divider{--divider-color:var( --e-global-color-secondary );}.elementor-widget-divider .elementor-divider__text{color:var( --e-global-color-secondary );font-family:var( --e-global-typography-secondary-font-family ), Sans-serif;font-weight:var( --e-global-typography-secondary-font-weight );}.elementor-widget-divider.elementor-view-stacked .elementor-icon{background-color:var( --e-global-color-secondary );}.elementor-widget-divider.elementor-view-framed .elementor-icon, .elementor-widget-divider.elementor-view-default .elementor-icon{color:var( --e-global-color-secondary );border-color:var( --e-global-color-secondary );}.elementor-widget-divider.elementor-view-framed .elementor-icon, .elementor-widget-divider.elementor-view-default .elementor-icon svg{fill:var( --e-global-color-secondary );}.elementor-1629 .elementor-element.elementor-element-44b1f1f{--divider-border-style:solid;--divider-color:var( --e-global-color-primary );--divider-border-width:1.2px;}.elementor-1629 .elementor-element.elementor-element-44b1f1f .elementor-divider-separator{width:89%;}.elementor-1629 .elementor-element.elementor-element-44b1f1f .elementor-divider{padding-block-start:2px;padding-block-end:2px;}.elementor-widget-theme-post-content{color:var( --e-global-color-text );font-family:var( --e-global-typography-text-font-family ), Sans-serif;font-weight:var( --e-global-typography-text-font-weight );}@media(min-width:768px){.elementor-1629 .elementor-element.elementor-element-8fae4af{--content-width:1009px;}.elementor-1629 .elementor-element.elementor-element-6e6fc4f{--width:50%;}.elementor-1629 .elementor-element.elementor-element-09458bd{--width:50%;}}@media(max-width:1024px){.elementor-1629 .elementor-element.elementor-element-47b8e0a .elementor-heading-title{font-size:var( --e-global-typography-97dd3cd-font-size );line-height:var( --e-global-typography-97dd3cd-line-height );letter-spacing:var( --e-global-typography-97dd3cd-letter-spacing );word-spacing:var( --e-global-typography-97dd3cd-word-spacing );}}@media(max-width:767px){.elementor-1629 .elementor-element.elementor-element-47b8e0a .elementor-heading-title{font-size:var( --e-global-typography-97dd3cd-font-size );line-height:var( --e-global-typography-97dd3cd-line-height );letter-spacing:var( --e-global-typography-97dd3cd-letter-spacing );word-spacing:var( --e-global-typography-97dd3cd-word-spacing );}}<\/style>\t\t<div data-elementor-type=\"loop-item\" data-elementor-id=\"1629\" class=\"elementor elementor-1629 elementor-1227 elementor-1227 e-loop-item e-loop-item-1831 post-1831 messe type-messe status-publish hentry messe-oder-veranstaltung-veranstaltung\" data-elementor-post-type=\"elementor_library\" data-custom-edit-handle=\"1\">\n\t\t\t<div class=\"elementor-element elementor-element-8fae4af e-flex e-con-boxed e-con e-parent\" data-id=\"8fae4af\" data-element_type=\"container\" data-e-type=\"container\">\n\t\t\t\t\t<div class=\"e-con-inner\">\n\t\t<div class=\"elementor-element elementor-element-6e6fc4f e-con-full e-flex e-con e-child\" data-id=\"6e6fc4f\" data-element_type=\"container\" data-e-type=\"container\">\n\t\t\t\t<\/div>\n\t\t<div class=\"elementor-element elementor-element-09458bd e-con-full e-flex e-con e-child\" data-id=\"09458bd\" data-element_type=\"container\" data-e-type=\"container\">\n\t\t\t\t<div class=\"elementor-element elementor-element-47b8e0a elementor-widget elementor-widget-theme-post-title elementor-page-title elementor-widget-heading\" data-id=\"47b8e0a\" data-element_type=\"widget\" data-e-type=\"widget\" data-widget_type=\"theme-post-title.default\">\n\t\t\t\t<div class=\"elementor-widget-container\">\n\t\t\t\t\t<h1 class=\"elementor-heading-title elementor-size-default\">Pr\u00e9sentation des treuils Herzog Synchrowinden et des produits Ponsse \u00e0 Gr\u00e4nichen les 29 et 30 ao\u00fbt 2024<\/h1>\t\t\t\t<\/div>\n\t\t\t\t<\/div>\n\t\t\t\t<div class=\"elementor-element elementor-element-44b1f1f elementor-widget-divider--view-line elementor-widget elementor-widget-divider\" data-id=\"44b1f1f\" data-element_type=\"widget\" data-e-type=\"widget\" data-widget_type=\"divider.default\">\n\t\t\t\t<div class=\"elementor-widget-container\">\n\t\t\t\t\t\t\t<div class=\"elementor-divider\">\n\t\t\t<span class=\"elementor-divider-separator\">\n\t\t\t\t\t\t<\/span>\n\t\t<\/div>\n\t\t\t\t\t\t<\/div>\n\t\t\t\t<\/div>\n\t\t\t\t<div class=\"elementor-element elementor-element-0fbe5d2 elementor-widget elementor-widget-theme-post-content\" data-id=\"0fbe5d2\" data-element_type=\"widget\" data-e-type=\"widget\" data-widget_type=\"theme-post-content.default\">\n\t\t\t\t<div class=\"elementor-widget-container\">\n\t\t\t\t\t\n<p class=\"wp-block-paragraph\">Les 29 et 30 ao\u00fbt 2024, une d\u00e9monstration sp\u00e9ciale de nos treuils synchronis\u00e9s Herzog et d&rsquo;une s\u00e9lection de produits Ponsse a eu lieu \u00e0 Gr\u00e4nichen. En collaboration et avec le soutien actif de Geissmann Forst AG et de l&rsquo;exploitation foresti\u00e8re Gr\u00e4nichen-Unterkulm, nous avons pu pr\u00e9senter aux visiteurs int\u00e9ress\u00e9s les derniers d\u00e9veloppements et leurs applications pratiques.   <\/p>\n\n<p class=\"wp-block-paragraph\">Ont \u00e9t\u00e9 pr\u00e9sent\u00e9s :<\/p>\n\n<ul class=\"wp-block-list\">\n<li>un treuil Herzog 3 points sur tracteur,<\/li>\n\n\n\n<li>le porteur Ponsse Bison avec Active Frame,<\/li>\n\n\n\n<li>ainsi que le treuil synchrone MW500R utilis\u00e9 avec l&rsquo;abatteuse Ponsse Scorpion Giant.<\/li>\n<\/ul>\n\n<p class=\"wp-block-paragraph\">Par un temps id\u00e9al pour les d\u00e9monstrations, de nombreux professionnels de la sylviculture, conducteurs d&rsquo;engins et personnes int\u00e9ress\u00e9es ont profit\u00e9 de l&rsquo;occasion pour d\u00e9couvrir nos solutions directement en action. L&rsquo;accent a \u00e9t\u00e9 mis sur les avantages du treuil synchrone Herzog sur les terrains difficiles ainsi que sur les performances et l&rsquo;efficacit\u00e9 des machines foresti\u00e8res modernes Ponsse. <\/p>\n\n<p class=\"wp-block-paragraph\">Outre les d\u00e9monstrations passionnantes des machines, le bien-\u00eatre physique \u00e9tait \u00e9galement au rendez-vous : les invit\u00e9s ont pu se restaurer et \u00e9changer dans une ambiance d\u00e9tendue autour de boissons rafra\u00eechissantes et de d\u00e9licieuses saucisses grill\u00e9es.<\/p>\n\n<p class=\"wp-block-paragraph\">Cet \u00e9v\u00e9nement a non seulement permis de d\u00e9couvrir des technologies innovantes, mais aussi d&rsquo;\u00e9changer directement entre praticiens, d\u00e9veloppeurs et fabricants. La possibilit\u00e9 de poser des questions sur place et de partager des exp\u00e9riences pratiques a \u00e9t\u00e9 particuli\u00e8rement appr\u00e9ci\u00e9e. <\/p>\n\n<p class=\"wp-block-paragraph\">Nous remercions chaleureusement tous les visiteurs ainsi que nos partenaires, Geissmann Forst AG et l&rsquo;exploitation foresti\u00e8re Gr\u00e4nichen-Unterkulm, pour leur pr\u00e9cieux soutien et leur collaboration fructueuse.<\/p>\n\n<p class=\"wp-block-paragraph\"><strong>Herzog Forsttechnik \u2013 L&rsquo;innovation au service d&rsquo;une sylviculture performante<\/strong><\/p>\n\n<p class=\"wp-block-paragraph\"><\/p>\n\t\t\t\t<\/div>\n\t\t\t\t<\/div>\n\t\t\t\t<\/div>\n\t\t\t\t\t<\/div>\n\t\t\t\t<\/div>\n\t\t\t\t<\/div>\n\t\t\t\t<div data-elementor-type=\"loop-item\" data-elementor-id=\"1629\" class=\"elementor elementor-1629 elementor-1227 elementor-1227 e-loop-item e-loop-item-1830 post-1830 messe type-messe status-publish has-post-thumbnail hentry messe-oder-veranstaltung-veranstaltung\" data-elementor-post-type=\"elementor_library\" data-custom-edit-handle=\"1\">\n\t\t\t<div class=\"elementor-element elementor-element-8fae4af e-flex e-con-boxed e-con e-parent\" data-id=\"8fae4af\" data-element_type=\"container\" data-e-type=\"container\">\n\t\t\t\t\t<div class=\"e-con-inner\">\n\t\t<div class=\"elementor-element elementor-element-6e6fc4f e-con-full e-flex e-con e-child\" data-id=\"6e6fc4f\" data-element_type=\"container\" data-e-type=\"container\">\n\t\t\t\t<div class=\"elementor-element elementor-element-d7a9e12 elementor-widget elementor-widget-image\" data-id=\"d7a9e12\" data-element_type=\"widget\" data-e-type=\"widget\" data-widget_type=\"image.default\">\n\t\t\t\t<div class=\"elementor-widget-container\">\n\t\t\t\t\t\t\t\t\t\t\t\t\t\t\t<img fetchpriority=\"high\" decoding=\"async\" width=\"800\" height=\"431\" src=\"https:\/\/herzog-forsttechnik.ch\/wp-content\/uploads\/2025\/09\/Ponsse-Reise-2024-1024x552.jpg\" class=\"attachment-large size-large wp-image-1708\" alt=\"\" srcset=\"https:\/\/herzog-forsttechnik.ch\/wp-content\/uploads\/2025\/09\/Ponsse-Reise-2024-1024x552.jpg 1024w, https:\/\/herzog-forsttechnik.ch\/wp-content\/uploads\/2025\/09\/Ponsse-Reise-2024-300x162.jpg 300w, https:\/\/herzog-forsttechnik.ch\/wp-content\/uploads\/2025\/09\/Ponsse-Reise-2024-768x414.jpg 768w, https:\/\/herzog-forsttechnik.ch\/wp-content\/uploads\/2025\/09\/Ponsse-Reise-2024-1536x828.jpg 1536w, https:\/\/herzog-forsttechnik.ch\/wp-content\/uploads\/2025\/09\/Ponsse-Reise-2024-scaled.jpg 2048w\" sizes=\"(max-width: 800px) 100vw, 800px\" \/>\t\t\t\t\t\t\t\t\t\t\t\t\t\t\t<\/div>\n\t\t\t\t<\/div>\n\t\t\t\t<\/div>\n\t\t<div class=\"elementor-element elementor-element-09458bd e-con-full e-flex e-con e-child\" data-id=\"09458bd\" data-element_type=\"container\" data-e-type=\"container\">\n\t\t\t\t<div class=\"elementor-element elementor-element-47b8e0a elementor-widget elementor-widget-theme-post-title elementor-page-title elementor-widget-heading\" data-id=\"47b8e0a\" data-element_type=\"widget\" data-e-type=\"widget\" data-widget_type=\"theme-post-title.default\">\n\t\t\t\t<div class=\"elementor-widget-container\">\n\t\t\t\t\t<h1 class=\"elementor-heading-title elementor-size-default\">Sortie d&rsquo;entreprise Herzog Forsttechnik &#8211; Visite chez Ponsse en Finlande<\/h1>\t\t\t\t<\/div>\n\t\t\t\t<\/div>\n\t\t\t\t<div class=\"elementor-element elementor-element-44b1f1f elementor-widget-divider--view-line elementor-widget elementor-widget-divider\" data-id=\"44b1f1f\" data-element_type=\"widget\" data-e-type=\"widget\" data-widget_type=\"divider.default\">\n\t\t\t\t<div class=\"elementor-widget-container\">\n\t\t\t\t\t\t\t<div class=\"elementor-divider\">\n\t\t\t<span class=\"elementor-divider-separator\">\n\t\t\t\t\t\t<\/span>\n\t\t<\/div>\n\t\t\t\t\t\t<\/div>\n\t\t\t\t<\/div>\n\t\t\t\t<div class=\"elementor-element elementor-element-0fbe5d2 elementor-widget elementor-widget-theme-post-content\" data-id=\"0fbe5d2\" data-element_type=\"widget\" data-e-type=\"widget\" data-widget_type=\"theme-post-content.default\">\n\t\t\t\t<div class=\"elementor-widget-container\">\n\t\t\t\t\t\n<p class=\"wp-block-paragraph\">Du 20 au 23 mai 2024, notre \u00e9quipe Herzog Forsttechnik s&rsquo;est rendue en Finlande pour un voyage passionnant afin de d\u00e9couvrir de pr\u00e8s notre partenaire Ponsse.<\/p>\n\n<h3 class=\"wp-block-heading\">Arriv\u00e9e et premi\u00e8res impressions<\/h3>\n\n<p class=\"wp-block-paragraph\">Apr\u00e8s un vol commun, nous sommes arriv\u00e9s en Finlande sous un temps printanier id\u00e9al. Les premi\u00e8res impressions du pays \u2013 de vastes for\u00eats, des lacs limpides et une hospitalit\u00e9 chaleureuse \u2013 nous ont donn\u00e9 un avant-go\u00fbt des jours \u00e0 venir. <\/p>\n\n<h3 class=\"wp-block-heading\">Visite de l&rsquo;usine Ponsse<\/h3>\n\n<p class=\"wp-block-paragraph\">La visite du si\u00e8ge social de Ponsse \u00e0 Vierem\u00e4 a \u00e9t\u00e9 l&rsquo;un des moments forts du voyage. Nous y avons eu un aper\u00e7u exclusif de la production de machines foresti\u00e8res ultramodernes. Il \u00e9tait particuli\u00e8rement impressionnant de voir \u00e9tape par \u00e9tape la fabrication des puissantes abatteuses et des porteurs forestiers, de la fabrication de pr\u00e9cision \u00e0 l&rsquo;assemblage final.  <\/p>\n\n<p class=\"wp-block-paragraph\">Outre la visite guid\u00e9e de l&rsquo;usine, les derni\u00e8res innovations techniques nous ont \u00e9galement \u00e9t\u00e9 pr\u00e9sent\u00e9es. L&rsquo;engagement de Ponsse en faveur de la qualit\u00e9, de la durabilit\u00e9 et de la proximit\u00e9 avec ses clients nous a profond\u00e9ment impressionn\u00e9s et nous a donn\u00e9 de nombreuses id\u00e9es pour notre propre travail. <\/p>\n\n<h3 class=\"wp-block-heading\">Ponsse Club Haus \u2013 L&rsquo;hospitalit\u00e9 \u00e0 l&rsquo;\u00e9tat pur<\/h3>\n\n<p class=\"wp-block-paragraph\">Pendant notre s\u00e9jour, nous avons pu profiter d&rsquo;un h\u00e9bergement \u00e0 la Ponsse Club Haus. Nous y avons trouv\u00e9 non seulement des chambres modernes et confortables, mais aussi un accueil tr\u00e8s chaleureux. Nous gardons un souvenir particulier des repas raffin\u00e9s qui comblent tous les d\u00e9sirs, des sp\u00e9cialit\u00e9s r\u00e9gionales aux buffets pr\u00e9par\u00e9s avec soin.  <\/p>\n\n<h3 class=\"wp-block-heading\">\u00c9changes et exp\u00e9riences<\/h3>\n\n<p class=\"wp-block-paragraph\">Bien s\u00fbr, les \u00e9changes personnels n&rsquo;ont pas \u00e9t\u00e9 n\u00e9glig\u00e9s : lors de discussions avec les employ\u00e9s de Ponsse, nous avons pu partager des exp\u00e9riences pr\u00e9cieuses et discuter ensemble de l&rsquo;avenir de la technologie foresti\u00e8re.<\/p>\n\n<p class=\"wp-block-paragraph\">Le voyage a \u00e9t\u00e9 compl\u00e9t\u00e9 par un programme vari\u00e9 : nous avons d\u00e9couvert la nature finlandaise de pr\u00e8s, d\u00e9gust\u00e9 la cuisine locale et d\u00e9couvert la culture traditionnelle du sauna, un moment fort pour tous les participants.<\/p>\n\n<h3 class=\"wp-block-heading\">Conclusion<\/h3>\n\n<p class=\"wp-block-paragraph\">Le voyage d&rsquo;entreprise en Finlande a \u00e9t\u00e9 une exp\u00e9rience enrichissante pour toute notre \u00e9quipe. Nous revenons non seulement avec des impressions passionnantes de Ponsse, mais aussi avec un esprit d&rsquo;\u00e9quipe renforc\u00e9 et une nouvelle motivation pour les projets \u00e0 venir. <\/p>\n\n<p class=\"wp-block-paragraph\">Un grand merci \u00e0 Ponsse pour son excellente hospitalit\u00e9 au Club Haus, ainsi qu&rsquo;\u00e0 tous ceux qui ont rendu cette excursion possible!<\/p>\n\n<p class=\"wp-block-paragraph\"><\/p>\n\t\t\t\t<\/div>\n\t\t\t\t<\/div>\n\t\t\t\t<\/div>\n\t\t\t\t\t<\/div>\n\t\t\t\t<\/div>\n\t\t\t\t<\/div>\n\t\t\t\t<div data-elementor-type=\"loop-item\" data-elementor-id=\"1629\" class=\"elementor elementor-1629 elementor-1227 elementor-1227 e-loop-item e-loop-item-1683 post-1683 messe type-messe status-publish hentry messe-oder-veranstaltung-veranstaltung\" data-elementor-post-type=\"elementor_library\" data-custom-edit-handle=\"1\">\n\t\t\t<div class=\"elementor-element elementor-element-8fae4af e-flex e-con-boxed e-con e-parent\" data-id=\"8fae4af\" data-element_type=\"container\" data-e-type=\"container\">\n\t\t\t\t\t<div class=\"e-con-inner\">\n\t\t<div class=\"elementor-element elementor-element-6e6fc4f e-con-full e-flex e-con e-child\" data-id=\"6e6fc4f\" data-element_type=\"container\" data-e-type=\"container\">\n\t\t\t\t<div class=\"elementor-element elementor-element-c50866f elementor-widget elementor-widget-video\" data-id=\"c50866f\" data-element_type=\"widget\" data-e-type=\"widget\" data-settings=\"{&quot;youtube_url&quot;:&quot;https:\\\/\\\/youtu.be\\\/DRdHh8Ye6JI&quot;,&quot;video_type&quot;:&quot;youtube&quot;,&quot;controls&quot;:&quot;yes&quot;}\" data-widget_type=\"video.default\">\n\t\t\t\t<div class=\"elementor-widget-container\">\n\t\t\t\t\t\t\t<div class=\"elementor-wrapper elementor-open-inline\">\n\t\t\t<div class=\"elementor-video\"><\/div>\t\t<\/div>\n\t\t\t\t\t\t<\/div>\n\t\t\t\t<\/div>\n\t\t\t\t<\/div>\n\t\t<div class=\"elementor-element elementor-element-09458bd e-con-full e-flex e-con e-child\" data-id=\"09458bd\" data-element_type=\"container\" data-e-type=\"container\">\n\t\t\t\t<div class=\"elementor-element elementor-element-47b8e0a elementor-widget elementor-widget-theme-post-title elementor-page-title elementor-widget-heading\" data-id=\"47b8e0a\" data-element_type=\"widget\" data-e-type=\"widget\" data-widget_type=\"theme-post-title.default\">\n\t\t\t\t<div class=\"elementor-widget-container\">\n\t\t\t\t\t<h1 class=\"elementor-heading-title elementor-size-default\">Bergholztage 2019<\/h1>\t\t\t\t<\/div>\n\t\t\t\t<\/div>\n\t\t\t\t<div class=\"elementor-element elementor-element-44b1f1f elementor-widget-divider--view-line elementor-widget elementor-widget-divider\" data-id=\"44b1f1f\" data-element_type=\"widget\" data-e-type=\"widget\" data-widget_type=\"divider.default\">\n\t\t\t\t<div class=\"elementor-widget-container\">\n\t\t\t\t\t\t\t<div class=\"elementor-divider\">\n\t\t\t<span class=\"elementor-divider-separator\">\n\t\t\t\t\t\t<\/span>\n\t\t<\/div>\n\t\t\t\t\t\t<\/div>\n\t\t\t\t<\/div>\n\t\t\t\t<div class=\"elementor-element elementor-element-0fbe5d2 elementor-widget elementor-widget-theme-post-content\" data-id=\"0fbe5d2\" data-element_type=\"widget\" data-e-type=\"widget\" data-widget_type=\"theme-post-content.default\">\n\t\t\t\t<div class=\"elementor-widget-container\">\n\t\t\t\t\t\n<p class=\"wp-block-paragraph\">Avec un peu de retard, nous avons c\u00e9l\u00e9br\u00e9 notre 25e anniversaire d&rsquo;entreprise le 28 juin 2019.<br\/>Dans le m\u00eame temps, du jeudi 27 au samedi 29 juin 2019, les Journ\u00e9es du Bergholz ont \u00e9galement eu lieu \u00e0 nouveau \u2013 apr\u00e8s une pause de dix ans.<br\/>Pendant ces trois jours, nous avons pr\u00e9sent\u00e9 \u00e0 environ 550 visiteurs int\u00e9ress\u00e9s diff\u00e9rents syst\u00e8mes modernes de r\u00e9colte du bois en d\u00e9monstration pratique.  <\/p>\n\n<p class=\"wp-block-paragraph\"><\/p>\n\t\t\t\t<\/div>\n\t\t\t\t<\/div>\n\t\t\t\t<\/div>\n\t\t\t\t\t<\/div>\n\t\t\t\t<\/div>\n\t\t\t\t<\/div>\n\t\t\t\t<\/div>\n\t\t\n\t\t\t\t\t\t<\/div>\n\t\t\t\t<\/div>\n\t\t\t\t\t<\/div>\n\t\t\t\t<\/div>\n\t\t<div class=\"elementor-element elementor-element-71e2334 e-flex e-con-boxed e-con e-parent\" data-id=\"71e2334\" data-element_type=\"container\" data-e-type=\"container\" id=\"messen\">\n\t\t\t\t\t<div class=\"e-con-inner\">\n\t\t\t\t<div class=\"elementor-element elementor-element-6cc584a elementor-headline--style-highlight elementor-widget elementor-widget-animated-headline\" data-id=\"6cc584a\" data-element_type=\"widget\" data-e-type=\"widget\" data-settings=\"{&quot;marker&quot;:&quot;underline_zigzag&quot;,&quot;highlighted_text&quot;:&quot;Mesures&quot;,&quot;headline_style&quot;:&quot;highlight&quot;,&quot;loop&quot;:&quot;yes&quot;,&quot;highlight_animation_duration&quot;:1200,&quot;highlight_iteration_delay&quot;:8000}\" data-widget_type=\"animated-headline.default\">\n\t\t\t\t<div class=\"elementor-widget-container\">\n\t\t\t\t\t\t\t<h3 class=\"elementor-headline\">\n\t\t\t\t<span class=\"elementor-headline-dynamic-wrapper elementor-headline-text-wrapper\">\n\t\t\t\t\t<span class=\"elementor-headline-dynamic-text elementor-headline-text-active\">Mesures<\/span>\n\t\t\t\t<\/span>\n\t\t\t\t<\/h3>\n\t\t\t\t\t\t<\/div>\n\t\t\t\t<\/div>\n\t\t\t\t\t<\/div>\n\t\t\t\t<\/div>\n\t\t<div class=\"elementor-element elementor-element-67bfc98 e-flex e-con-boxed e-con e-parent\" data-id=\"67bfc98\" data-element_type=\"container\" data-e-type=\"container\">\n\t\t\t\t\t<div class=\"e-con-inner\">\n\t\t\t\t<div class=\"elementor-element elementor-element-f939187 elementor-grid-1 elementor-grid-tablet-2 elementor-grid-mobile-1 elementor-widget elementor-widget-loop-grid\" data-id=\"f939187\" data-element_type=\"widget\" data-e-type=\"widget\" data-settings=\"{&quot;template_id&quot;:1629,&quot;columns&quot;:1,&quot;_skin&quot;:&quot;post&quot;,&quot;columns_tablet&quot;:&quot;2&quot;,&quot;columns_mobile&quot;:&quot;1&quot;,&quot;edit_handle_selector&quot;:&quot;[data-elementor-type=\\&quot;loop-item\\&quot;]&quot;,&quot;row_gap&quot;:{&quot;unit&quot;:&quot;px&quot;,&quot;size&quot;:&quot;&quot;,&quot;sizes&quot;:[]},&quot;row_gap_tablet&quot;:{&quot;unit&quot;:&quot;px&quot;,&quot;size&quot;:&quot;&quot;,&quot;sizes&quot;:[]},&quot;row_gap_mobile&quot;:{&quot;unit&quot;:&quot;px&quot;,&quot;size&quot;:&quot;&quot;,&quot;sizes&quot;:[]}}\" data-widget_type=\"loop-grid.post\">\n\t\t\t\t<div class=\"elementor-widget-container\">\n\t\t\t\t\t\t\t<div class=\"elementor-loop-container elementor-grid\" role=\"list\">\n\t\t\t\t<div data-elementor-type=\"loop-item\" data-elementor-id=\"1629\" class=\"elementor elementor-1629 elementor-1227 elementor-1227 e-loop-item e-loop-item-1832 post-1832 messe type-messe status-publish has-post-thumbnail hentry messe-oder-veranstaltung-messe\" data-elementor-post-type=\"elementor_library\" data-custom-edit-handle=\"1\">\n\t\t\t<div class=\"elementor-element elementor-element-8fae4af e-flex e-con-boxed e-con e-parent\" data-id=\"8fae4af\" data-element_type=\"container\" data-e-type=\"container\">\n\t\t\t\t\t<div class=\"e-con-inner\">\n\t\t<div class=\"elementor-element elementor-element-6e6fc4f e-con-full e-flex e-con e-child\" data-id=\"6e6fc4f\" data-element_type=\"container\" data-e-type=\"container\">\n\t\t\t\t<div class=\"elementor-element elementor-element-d7a9e12 elementor-widget elementor-widget-image\" data-id=\"d7a9e12\" data-element_type=\"widget\" data-e-type=\"widget\" data-widget_type=\"image.default\">\n\t\t\t\t<div class=\"elementor-widget-container\">\n\t\t\t\t\t\t\t\t\t\t\t\t\t\t\t<img decoding=\"async\" width=\"800\" height=\"534\" src=\"https:\/\/herzog-forsttechnik.ch\/wp-content\/uploads\/2025\/09\/IMG_0052-1-1024x683.jpg\" class=\"attachment-large size-large wp-image-1701\" alt=\"\" srcset=\"https:\/\/herzog-forsttechnik.ch\/wp-content\/uploads\/2025\/09\/IMG_0052-1-1024x683.jpg 1024w, https:\/\/herzog-forsttechnik.ch\/wp-content\/uploads\/2025\/09\/IMG_0052-1-300x200.jpg 300w, https:\/\/herzog-forsttechnik.ch\/wp-content\/uploads\/2025\/09\/IMG_0052-1-768x512.jpg 768w, https:\/\/herzog-forsttechnik.ch\/wp-content\/uploads\/2025\/09\/IMG_0052-1-1536x1024.jpg 1536w, https:\/\/herzog-forsttechnik.ch\/wp-content\/uploads\/2025\/09\/IMG_0052-1-scaled.jpg 2048w\" sizes=\"(max-width: 800px) 100vw, 800px\" \/>\t\t\t\t\t\t\t\t\t\t\t\t\t\t\t<\/div>\n\t\t\t\t<\/div>\n\t\t\t\t<\/div>\n\t\t<div class=\"elementor-element elementor-element-09458bd e-con-full e-flex e-con e-child\" data-id=\"09458bd\" data-element_type=\"container\" data-e-type=\"container\">\n\t\t\t\t<div class=\"elementor-element elementor-element-47b8e0a elementor-widget elementor-widget-theme-post-title elementor-page-title elementor-widget-heading\" data-id=\"47b8e0a\" data-element_type=\"widget\" data-e-type=\"widget\" data-widget_type=\"theme-post-title.default\">\n\t\t\t\t<div class=\"elementor-widget-container\">\n\t\t\t\t\t<h1 class=\"elementor-heading-title elementor-size-default\">27e Salon forestier de Lucerne, du 21 au 24 ao\u00fbt 2025<\/h1>\t\t\t\t<\/div>\n\t\t\t\t<\/div>\n\t\t\t\t<div class=\"elementor-element elementor-element-44b1f1f elementor-widget-divider--view-line elementor-widget elementor-widget-divider\" data-id=\"44b1f1f\" data-element_type=\"widget\" data-e-type=\"widget\" data-widget_type=\"divider.default\">\n\t\t\t\t<div class=\"elementor-widget-container\">\n\t\t\t\t\t\t\t<div class=\"elementor-divider\">\n\t\t\t<span class=\"elementor-divider-separator\">\n\t\t\t\t\t\t<\/span>\n\t\t<\/div>\n\t\t\t\t\t\t<\/div>\n\t\t\t\t<\/div>\n\t\t\t\t<div class=\"elementor-element elementor-element-0fbe5d2 elementor-widget elementor-widget-theme-post-content\" data-id=\"0fbe5d2\" data-element_type=\"widget\" data-e-type=\"widget\" data-widget_type=\"theme-post-content.default\">\n\t\t\t\t<div class=\"elementor-widget-container\">\n\t\t\t\t\t\n<p class=\"wp-block-paragraph\"><strong>R\u00e9trospective : Salon forestier de Lucerne 2025<\/strong><\/p>\n\n<p class=\"wp-block-paragraph\">Du 21 au 24 ao\u00fbt, Lucerne a accueilli la 27e \u00e9dition du Salon international de la sylviculture, qui, avec quelque 220 exposants et plus de 22 000 visiteurs professionnels, constitue la plateforme la plus importante du secteur en Suisse.<\/p>\n\n<p class=\"wp-block-paragraph\">Herzog Forsttechnik \u00e9tait \u00e9galement pr\u00e9sent avec un stand vari\u00e9 et a accueilli de nombreux visiteurs. Nos treuils compacts pour abatteuses, porteurs et attelage 3 points ont suscit\u00e9 un vif int\u00e9r\u00eat, tout comme le MW500 sur chenilles r\u00e9cemment remani\u00e9, que nous avons pr\u00e9sent\u00e9 pour la premi\u00e8re fois \u00e0 Lucerne. <\/p>\n\n<p class=\"wp-block-paragraph\">La moissonneuse Ponsse Scorpion Giant, associ\u00e9e au simulateur de conduite Ponsse, a particuli\u00e8rement s\u00e9duit les visiteurs. Avec le syst\u00e8me de grue \u00e0 c\u00e2ble KMS 5000 de Konrad Forsttechnik et le nouveau broyeur Heizohack HM10-860K de Heizomat, nous avons \u00e9galement pr\u00e9sent\u00e9 des technologies performantes pour les applications les plus exigeantes dans le domaine de la r\u00e9colte du bois et de la transformation du bois \u00e9nergie. <\/p>\n\n<p class=\"wp-block-paragraph\">Les \u00e9changes directs avec nos clientes, partenaires et sp\u00e9cialistes ont \u00e9t\u00e9 pour nous un v\u00e9ritable succ\u00e8s. Les retours positifs confirment notre ambition : des innovations pratiques, des machines robustes et un service sur lequel on peut compter. <\/p>\n\n<p class=\"wp-block-paragraph\">Nous remercions chaleureusement tous ceux qui nous ont rendu visite au salon et nous r\u00e9jouissons d&rsquo;ores et d\u00e9j\u00e0 de vous revoir au prochain salon forestier \u00e0 Lucerne!<\/p>\n\n<p class=\"wp-block-paragraph\"><\/p>\n\t\t\t\t<\/div>\n\t\t\t\t<\/div>\n\t\t\t\t<\/div>\n\t\t\t\t\t<\/div>\n\t\t\t\t<\/div>\n\t\t\t\t<\/div>\n\t\t\t\t<div data-elementor-type=\"loop-item\" data-elementor-id=\"1629\" class=\"elementor elementor-1629 elementor-1227 elementor-1227 e-loop-item e-loop-item-1718 post-1718 messe type-messe status-publish has-post-thumbnail hentry messe-oder-veranstaltung-messe\" data-elementor-post-type=\"elementor_library\" data-custom-edit-handle=\"1\">\n\t\t\t<div class=\"elementor-element elementor-element-8fae4af e-flex e-con-boxed e-con e-parent\" data-id=\"8fae4af\" data-element_type=\"container\" data-e-type=\"container\">\n\t\t\t\t\t<div class=\"e-con-inner\">\n\t\t<div class=\"elementor-element elementor-element-6e6fc4f e-con-full e-flex e-con e-child\" data-id=\"6e6fc4f\" data-element_type=\"container\" data-e-type=\"container\">\n\t\t\t\t<div class=\"elementor-element elementor-element-d7a9e12 elementor-widget elementor-widget-image\" data-id=\"d7a9e12\" data-element_type=\"widget\" data-e-type=\"widget\" data-widget_type=\"image.default\">\n\t\t\t\t<div class=\"elementor-widget-container\">\n\t\t\t\t\t\t\t\t\t\t\t\t\t\t\t<img decoding=\"async\" width=\"800\" height=\"637\" src=\"https:\/\/herzog-forsttechnik.ch\/wp-content\/uploads\/2025\/09\/KWF-Tagung-2024-1024x815.jpg\" class=\"attachment-large size-large wp-image-1711\" alt=\"\" srcset=\"https:\/\/herzog-forsttechnik.ch\/wp-content\/uploads\/2025\/09\/KWF-Tagung-2024-1024x815.jpg 1024w, https:\/\/herzog-forsttechnik.ch\/wp-content\/uploads\/2025\/09\/KWF-Tagung-2024-300x239.jpg 300w, https:\/\/herzog-forsttechnik.ch\/wp-content\/uploads\/2025\/09\/KWF-Tagung-2024-768x611.jpg 768w, https:\/\/herzog-forsttechnik.ch\/wp-content\/uploads\/2025\/09\/KWF-Tagung-2024-1536x1222.jpg 1536w, https:\/\/herzog-forsttechnik.ch\/wp-content\/uploads\/2025\/09\/KWF-Tagung-2024-scaled.jpg 2048w\" sizes=\"(max-width: 800px) 100vw, 800px\" \/>\t\t\t\t\t\t\t\t\t\t\t\t\t\t\t<\/div>\n\t\t\t\t<\/div>\n\t\t\t\t<\/div>\n\t\t<div class=\"elementor-element elementor-element-09458bd e-con-full e-flex e-con e-child\" data-id=\"09458bd\" data-element_type=\"container\" data-e-type=\"container\">\n\t\t\t\t<div class=\"elementor-element elementor-element-47b8e0a elementor-widget elementor-widget-theme-post-title elementor-page-title elementor-widget-heading\" data-id=\"47b8e0a\" data-element_type=\"widget\" data-e-type=\"widget\" data-widget_type=\"theme-post-title.default\">\n\t\t\t\t<div class=\"elementor-widget-container\">\n\t\t\t\t\t<h1 class=\"elementor-heading-title elementor-size-default\">Journ\u00e9es KWF du 19.06.2024 &#8211; 22.06.2024<\/h1>\t\t\t\t<\/div>\n\t\t\t\t<\/div>\n\t\t\t\t<div class=\"elementor-element elementor-element-44b1f1f elementor-widget-divider--view-line elementor-widget elementor-widget-divider\" data-id=\"44b1f1f\" data-element_type=\"widget\" data-e-type=\"widget\" data-widget_type=\"divider.default\">\n\t\t\t\t<div class=\"elementor-widget-container\">\n\t\t\t\t\t\t\t<div class=\"elementor-divider\">\n\t\t\t<span class=\"elementor-divider-separator\">\n\t\t\t\t\t\t<\/span>\n\t\t<\/div>\n\t\t\t\t\t\t<\/div>\n\t\t\t\t<\/div>\n\t\t\t\t<div class=\"elementor-element elementor-element-0fbe5d2 elementor-widget elementor-widget-theme-post-content\" data-id=\"0fbe5d2\" data-element_type=\"widget\" data-e-type=\"widget\" data-widget_type=\"theme-post-content.default\">\n\t\t\t\t<div class=\"elementor-widget-container\">\n\t\t\t\t\t\n<p class=\"wp-block-paragraph\">Du <strong>19 au 22 juin 2024<\/strong>, la 18e \u00e9dition des Journ\u00e9es KWF s\u2019est tenue \u00e0 Schwarzenborn, en Hesse \u2013 le plus grand rassemblement professionnel au monde consacr\u00e9 aux travaux forestiers et aux technologies foresti\u00e8res. Lors de l&rsquo;exposition, plus de <strong>500 exposants venus de 30 pays<\/strong> ont pr\u00e9sent\u00e9 un aper\u00e7u complet des derni\u00e8res technologies, \u00e9quipements et proc\u00e9d\u00e9s. Nous, Herzog Forsttechnik AG, \u00e9tions en plein c\u0153ur de l\u2019\u00e9v\u00e9nement : avec nos produits, nos nouveaut\u00e9s et nos solutions que nous d\u00e9veloppons avec passion et pr\u00e9cision technique \u2013 le tout \u00ab Made in Zumholz \u00bb. Nous remercions chaleureusement toutes les visiteuses et tous les visiteurs qui sont pass\u00e9s sur notre stand, pour leur int\u00e9r\u00eat, leurs questions et les \u00e9changes. Les Journ\u00e9es KWF 2024 ont \u00e9t\u00e9 un grand succ\u00e8s pour nous \u2013 une source d\u2019inspiration, de retours et d\u2019\u00e9changes que nous int\u00e9grons dans notre travail quotidien.  <br\/><\/p>\n\n<p class=\"wp-block-paragraph\"><\/p>\n\n<p class=\"wp-block-paragraph\"><\/p>\n\t\t\t\t<\/div>\n\t\t\t\t<\/div>\n\t\t\t\t<\/div>\n\t\t\t\t\t<\/div>\n\t\t\t\t<\/div>\n\t\t\t\t<\/div>\n\t\t\t\t<div data-elementor-type=\"loop-item\" data-elementor-id=\"1629\" class=\"elementor elementor-1629 elementor-1227 elementor-1227 e-loop-item e-loop-item-1680 post-1680 messe type-messe status-publish has-post-thumbnail hentry messe-oder-veranstaltung-messe\" data-elementor-post-type=\"elementor_library\" data-custom-edit-handle=\"1\">\n\t\t\t<div class=\"elementor-element elementor-element-8fae4af e-flex e-con-boxed e-con e-parent\" data-id=\"8fae4af\" data-element_type=\"container\" data-e-type=\"container\">\n\t\t\t\t\t<div class=\"e-con-inner\">\n\t\t<div class=\"elementor-element elementor-element-6e6fc4f e-con-full e-flex e-con e-child\" data-id=\"6e6fc4f\" data-element_type=\"container\" data-e-type=\"container\">\n\t\t\t\t<div class=\"elementor-element elementor-element-d7a9e12 elementor-widget elementor-widget-image\" data-id=\"d7a9e12\" data-element_type=\"widget\" data-e-type=\"widget\" data-widget_type=\"image.default\">\n\t\t\t\t<div class=\"elementor-widget-container\">\n\t\t\t\t\t\t\t\t\t\t\t\t\t\t\t<img loading=\"lazy\" decoding=\"async\" width=\"800\" height=\"500\" src=\"https:\/\/herzog-forsttechnik.ch\/wp-content\/uploads\/2025\/07\/20220716_151559-scaled-e1666102996194.jpg\" class=\"attachment-large size-large wp-image-1457\" alt=\"\" srcset=\"https:\/\/herzog-forsttechnik.ch\/wp-content\/uploads\/2025\/07\/20220716_151559-scaled-e1666102996194.jpg 800w, https:\/\/herzog-forsttechnik.ch\/wp-content\/uploads\/2025\/07\/20220716_151559-scaled-e1666102996194-300x188.jpg 300w, https:\/\/herzog-forsttechnik.ch\/wp-content\/uploads\/2025\/07\/20220716_151559-scaled-e1666102996194-768x480.jpg 768w\" sizes=\"(max-width: 800px) 100vw, 800px\" \/>\t\t\t\t\t\t\t\t\t\t\t\t\t\t\t<\/div>\n\t\t\t\t<\/div>\n\t\t\t\t<\/div>\n\t\t<div class=\"elementor-element elementor-element-09458bd e-con-full e-flex e-con e-child\" data-id=\"09458bd\" data-element_type=\"container\" data-e-type=\"container\">\n\t\t\t\t<div class=\"elementor-element elementor-element-47b8e0a elementor-widget elementor-widget-theme-post-title elementor-page-title elementor-widget-heading\" data-id=\"47b8e0a\" data-element_type=\"widget\" data-e-type=\"widget\" data-widget_type=\"theme-post-title.default\">\n\t\t\t\t<div class=\"elementor-widget-container\">\n\t\t\t\t\t<h1 class=\"elementor-heading-title elementor-size-default\">Interforst du 17 au 20 juillet 2022 \u00e0 Munich<\/h1>\t\t\t\t<\/div>\n\t\t\t\t<\/div>\n\t\t\t\t<div class=\"elementor-element elementor-element-44b1f1f elementor-widget-divider--view-line elementor-widget elementor-widget-divider\" data-id=\"44b1f1f\" data-element_type=\"widget\" data-e-type=\"widget\" data-widget_type=\"divider.default\">\n\t\t\t\t<div class=\"elementor-widget-container\">\n\t\t\t\t\t\t\t<div class=\"elementor-divider\">\n\t\t\t<span class=\"elementor-divider-separator\">\n\t\t\t\t\t\t<\/span>\n\t\t<\/div>\n\t\t\t\t\t\t<\/div>\n\t\t\t\t<\/div>\n\t\t\t\t<div class=\"elementor-element elementor-element-0fbe5d2 elementor-widget elementor-widget-theme-post-content\" data-id=\"0fbe5d2\" data-element_type=\"widget\" data-e-type=\"widget\" data-widget_type=\"theme-post-content.default\">\n\t\t\t\t<div class=\"elementor-widget-container\">\n\t\t\t\t\t\n<p class=\"wp-block-paragraph\">Cette ann\u00e9e, nous \u00e9tions de nouveau pr\u00e9sents \u00e0 l\u2019Interforst \u00e0 Munich avec notre propre stand. Nous avons pu y pr\u00e9senter de nombreux nouveaux produits, comme par exemple le treuil de traction trois points pour montage sur tracteur ou le MW500R, un treuil de traction externe sur chenilles. Nous tenons \u00e0 remercier les nombreux visiteurs de notre stand pour l\u2019int\u00e9r\u00eat port\u00e9 \u00e0 notre entreprise et \u00e0 nos produits, ainsi que pour les \u00e9changes enrichissants.  <\/p>\n\n<p class=\"wp-block-paragraph\"><\/p>\n\t\t\t\t<\/div>\n\t\t\t\t<\/div>\n\t\t\t\t<\/div>\n\t\t\t\t\t<\/div>\n\t\t\t\t<\/div>\n\t\t\t\t<\/div>\n\t\t\t\t<\/div>\n\t\t\n\t\t\t\t\t\t<\/div>\n\t\t\t\t<\/div>\n\t\t\t\t\t<\/div>\n\t\t\t\t<\/div>\n\t\t<div class=\"elementor-element elementor-element-ea4da23 e-flex e-con-boxed e-con e-parent\" data-id=\"ea4da23\" data-element_type=\"container\" data-e-type=\"container\">\n\t\t\t\t\t<div class=\"e-con-inner\">\n\t\t\t\t<div class=\"elementor-element elementor-element-e05d43b elementor-widget elementor-widget-spacer\" data-id=\"e05d43b\" data-element_type=\"widget\" data-e-type=\"widget\" data-widget_type=\"spacer.default\">\n\t\t\t\t<div class=\"elementor-widget-container\">\n\t\t\t\t\t\t\t<div class=\"elementor-spacer\">\n\t\t\t<div class=\"elementor-spacer-inner\"><\/div>\n\t\t<\/div>\n\t\t\t\t\t\t<\/div>\n\t\t\t\t<\/div>\n\t\t\t\t\t<\/div>\n\t\t\t\t<\/div>\n\t\t\t\t<\/div>\n\t\t","protected":false},"excerpt":{"rendered":"<p>\u00c9v\u00e9nements Vous trouverez ici tout ce qu\u2019il faut savoir sur les derniers \u00e9v\u00e9nements et manifestations de Herzog Forsttechnik. \u00c9v\u00e9nements Mesures \u00c9v\u00e9nements Mesures<\/p>\n","protected":false},"author":1,"featured_media":0,"parent":0,"menu_order":0,"comment_status":"closed","ping_status":"closed","template":"elementor_header_footer","meta":{"_acf_changed":false,"footnotes":""},"class_list":["post-1459","page","type-page","status-publish","hentry"],"acf":[],"_links":{"self":[{"href":"https:\/\/herzog-forsttechnik.ch\/fr\/wp-json\/wp\/v2\/pages\/1459","targetHints":{"allow":["GET"]}}],"collection":[{"href":"https:\/\/herzog-forsttechnik.ch\/fr\/wp-json\/wp\/v2\/pages"}],"about":[{"href":"https:\/\/herzog-forsttechnik.ch\/fr\/wp-json\/wp\/v2\/types\/page"}],"author":[{"embeddable":true,"href":"https:\/\/herzog-forsttechnik.ch\/fr\/wp-json\/wp\/v2\/users\/1"}],"replies":[{"embeddable":true,"href":"https:\/\/herzog-forsttechnik.ch\/fr\/wp-json\/wp\/v2\/comments?post=1459"}],"version-history":[{"count":2,"href":"https:\/\/herzog-forsttechnik.ch\/fr\/wp-json\/wp\/v2\/pages\/1459\/revisions"}],"predecessor-version":[{"id":1624,"href":"https:\/\/herzog-forsttechnik.ch\/fr\/wp-json\/wp\/v2\/pages\/1459\/revisions\/1624"}],"wp:attachment":[{"href":"https:\/\/herzog-forsttechnik.ch\/fr\/wp-json\/wp\/v2\/media?parent=1459"}],"curies":[{"name":"wp","href":"https:\/\/api.w.org\/{rel}","templated":true}]}}